{"id":3928,"date":"2016-07-15T14:19:13","date_gmt":"2016-07-15T13:19:13","guid":{"rendered":"https:\/\/ortodoncija-reljanovicprotega.hr\/chi-siamo\/"},"modified":"2026-08-20T19:26:04","modified_gmt":"2026-08-20T18:26:04","slug":"chi-siamo","status":"publish","type":"page","link":"https:\/\/ortodoncija-reljanovicprotega.hr\/it\/chi-siamo\/","title":{"rendered":"Chi Siamo"},"content":{"rendered":"<div id='av-layout-grid-1'  class='av-layout-grid-container av-jfb44-b1a566ece4b320502b5e89f794054bd0 entry-content-wrapper main_color av-fixed-cells  avia-builder-el-0  el_before_av_layout_row  avia-builder-el-first   container_wrap sidebar_right'  >\n\n<style type=\"text\/css\" data-created_by=\"avia_inline_auto\" id=\"style-css-av-1hotw-d4c89995a6d4884c13406fd88eee3f61\">\n.flex_cell.av-1hotw-d4c89995a6d4884c13406fd88eee3f61{\nvertical-align:top;\nbackground-color:#e040a4;\n}\n.responsive #top #wrap_all .flex_cell.av-1hotw-d4c89995a6d4884c13406fd88eee3f61{\npadding:9px 0px 0px 0px !important;\n}\n<\/style>\n<div class='flex_cell av-1hotw-d4c89995a6d4884c13406fd88eee3f61 av-gridrow-cell av_one_half no_margin  avia-builder-el-1  el_before_av_cell_one_half  avia-builder-el-first '  ><div class='flex_cell_inner'><\/div><\/div>\n<style type=\"text\/css\" data-created_by=\"avia_inline_auto\" id=\"style-css-av-9uwys-d9b4c5ba37673e152a9ae2adb2246c70\">\n.flex_cell.av-9uwys-d9b4c5ba37673e152a9ae2adb2246c70{\nvertical-align:top;\nbackground-color:#e040a4;\n}\n.responsive #top #wrap_all .flex_cell.av-9uwys-d9b4c5ba37673e152a9ae2adb2246c70{\npadding:9px 0px 0px 0px !important;\n}\n<\/style>\n<div class='flex_cell av-9uwys-d9b4c5ba37673e152a9ae2adb2246c70 av-gridrow-cell av_one_half no_margin  avia-builder-el-2  el_after_av_cell_one_half  avia-builder-el-last '  ><div class='flex_cell_inner'><\/div><\/div>\n<\/div>\n<div id='av-layout-grid-2'  class='av-layout-grid-container av-86adc4-b05fc4e45fc4f373cb4cec4279151e0d entry-content-wrapper main_color av-flex-cells av-break-at-tablet  avia-builder-el-3  el_after_av_layout_row  el_before_av_section  grid-row-not-first  container_wrap sidebar_right'  >\n\n<style type=\"text\/css\" data-created_by=\"avia_inline_auto\" id=\"style-css-av-swp8k-faaa606e04d9dd3697621608fec70246\">\n.flex_cell.av-swp8k-faaa606e04d9dd3697621608fec70246{\nvertical-align:middle;\nheight:500px;\nmin-height:500px;\nbackground-color:#ba0777;\nbackground:url(https:\/\/ortodoncija-reljanovicprotega.hr\/wp-content\/uploads\/2025\/11\/domina-strucni-tim.jpg) 100% 0% no-repeat scroll, linear-gradient( 45deg, #ba0777, #ba0777, #e040a3 );\n}\n<\/style>\n<div class='flex_cell av-swp8k-faaa606e04d9dd3697621608fec70246 av-gridrow-cell av_one_half no_margin av-hide-on-mobile  avia-builder-el-4  el_before_av_cell_one_half  avia-builder-el-first '  ><div class='flex_cell_inner'><\/div><\/div>\n<style type=\"text\/css\" data-created_by=\"avia_inline_auto\" id=\"style-css-av-sez4c-be0d29342994177a0b95d8d3fe50ddd5\">\n.flex_cell.av-sez4c-be0d29342994177a0b95d8d3fe50ddd5{\nvertical-align:middle;\nheight:500px;\nmin-height:500px;\nbackground-color:#ba0777;\nbackground:linear-gradient( to top left, #ba0777, #ba0777, #e040a4 );\n}\n.responsive #top #wrap_all .flex_cell.av-sez4c-be0d29342994177a0b95d8d3fe50ddd5{\npadding:90px 90px 90px 90px !important;\n}\n\n@media only screen and (max-width: 479px){ \n.responsive #top #wrap_all .flex_cell.av-sez4c-be0d29342994177a0b95d8d3fe50ddd5{\npadding:50px 30px 50px 30px !important;\n}\n}\n<\/style>\n<div class='flex_cell av-sez4c-be0d29342994177a0b95d8d3fe50ddd5 av-gridrow-cell av_one_half no_margin  avia-builder-el-5  el_after_av_cell_one_half  avia-builder-el-last '  ><div class='flex_cell_inner'><p>\n<style type=\"text\/css\" data-created_by=\"avia_inline_auto\" id=\"style-css-av-lo87eakp-9118acfacc60650d1329de68305b3d1b\">\n.avia-image-container.av-lo87eakp-9118acfacc60650d1329de68305b3d1b img.avia_image{\nbox-shadow:none;\n}\n.avia-image-container.av-lo87eakp-9118acfacc60650d1329de68305b3d1b .av-image-caption-overlay-center{\ncolor:#ffffff;\n}\n<\/style>\n<div  class='avia-image-container av-lo87eakp-9118acfacc60650d1329de68305b3d1b av-styling- avia-align-center  avia-builder-el-6  el_before_av_heading  avia-builder-el-first  av-desktop-hide av-medium-hide'   itemprop=\"image\" itemscope=\"itemscope\" itemtype=\"https:\/\/schema.org\/ImageObject\" ><div class=\"avia-image-container-inner\"><div class=\"avia-image-overlay-wrap\"><img decoding=\"async\" fetchpriority=\"high\" class='wp-image-4259 avia-img-lazy-loading-not-4259 avia_image ' src=\"https:\/\/ortodoncija-reljanovicprotega.hr\/wp-content\/uploads\/2025\/11\/tim-domina-mobilni.jpg\" alt='Stru\u010dni tim' title='tim-domina-mobilni'  height=\"480\" width=\"480\"  itemprop=\"thumbnailUrl\" srcset=\"https:\/\/ortodoncija-reljanovicprotega.hr\/wp-content\/uploads\/2025\/11\/tim-domina-mobilni.jpg 480w, https:\/\/ortodoncija-reljanovicprotega.hr\/wp-content\/uploads\/2025\/11\/tim-domina-mobilni-300x300.jpg 300w, https:\/\/ortodoncija-reljanovicprotega.hr\/wp-content\/uploads\/2025\/11\/tim-domina-mobilni-80x80.jpg 80w, https:\/\/ortodoncija-reljanovicprotega.hr\/wp-content\/uploads\/2025\/11\/tim-domina-mobilni-36x36.jpg 36w, https:\/\/ortodoncija-reljanovicprotega.hr\/wp-content\/uploads\/2025\/11\/tim-domina-mobilni-180x180.jpg 180w\" sizes=\"(max-width: 480px) 100vw, 480px\" \/><\/div><\/div><\/div><br \/>\n\n<style type=\"text\/css\" data-created_by=\"avia_inline_auto\" id=\"style-css-av-7rfcj8-f9309271ec1934aff245e783a5bc143a\">\n#top .av-special-heading.av-7rfcj8-f9309271ec1934aff245e783a5bc143a{\npadding-bottom:10px;\ncolor:#ffffff;\nfont-size:40px;\n}\nbody .av-special-heading.av-7rfcj8-f9309271ec1934aff245e783a5bc143a .av-special-heading-tag .heading-char{\nfont-size:25px;\n}\n#top #wrap_all .av-special-heading.av-7rfcj8-f9309271ec1934aff245e783a5bc143a .av-special-heading-tag{\nfont-size:40px;\n}\n.av-special-heading.av-7rfcj8-f9309271ec1934aff245e783a5bc143a .special-heading-inner-border{\nborder-color:#ffffff;\n}\n.av-special-heading.av-7rfcj8-f9309271ec1934aff245e783a5bc143a .av-subheading{\nfont-size:20px;\n}\n\n@media only screen and (min-width: 990px){ \n.av-special-heading.av-7rfcj8-f9309271ec1934aff245e783a5bc143a .av-subheading{\nfont-size:20px;\n}\n}\n\n@media only screen and (min-width: 768px) and (max-width: 989px){ \n.av-special-heading.av-7rfcj8-f9309271ec1934aff245e783a5bc143a .av-subheading{\nfont-size:20px;\n}\n}\n\n@media only screen and (min-width: 480px) and (max-width: 767px){ \n#top #wrap_all .av-special-heading.av-7rfcj8-f9309271ec1934aff245e783a5bc143a .av-special-heading-tag{\nfont-size:0.8em;\n}\n.av-special-heading.av-7rfcj8-f9309271ec1934aff245e783a5bc143a .av-subheading{\nfont-size:20px;\n}\n}\n\n@media only screen and (max-width: 479px){ \n#top #wrap_all .av-special-heading.av-7rfcj8-f9309271ec1934aff245e783a5bc143a .av-special-heading-tag{\nfont-size:0.8em;\n}\n.av-special-heading.av-7rfcj8-f9309271ec1934aff245e783a5bc143a .av-subheading{\nfont-size:18px;\n}\n}\n<\/style>\n<div  class='av-special-heading av-7rfcj8-f9309271ec1934aff245e783a5bc143a av-special-heading-h3 custom-color-heading blockquote modern-quote  avia-builder-el-7  el_after_av_image  el_before_av_textblock  av-inherit-size'><div class='av_custom_color av-subheading av-subheading_above'><h1 style=\"color: #c0c0c0; font-size: 20px !important; font-weight: 400 !important;\">TEAM DI ESPERTI<\/h1>\n<\/div><h3 class='av-special-heading-tag'  itemprop=\"headline\"  >La tua salute e il tuo sorriso sono la nostra missione.<\/h3><div class=\"special-heading-border\"><div class=\"special-heading-inner-border\"><\/div><\/div><\/div><br \/>\n\n<style type=\"text\/css\" data-created_by=\"avia_inline_auto\" id=\"style-css-av-7l6ejg-89b7270fbbe8ac5dd70070ab4eae93a1\">\n#top .av_textblock_section.av-7l6ejg-89b7270fbbe8ac5dd70070ab4eae93a1 .avia_textblock{\ncolor:#ffffff;\n}\n<\/style>\n<section  class='av_textblock_section av-7l6ejg-89b7270fbbe8ac5dd70070ab4eae93a1 '   itemscope=\"itemscope\" itemtype=\"https:\/\/schema.org\/CreativeWork\" ><div class='avia_textblock av_inherit_color'  itemprop=\"text\" ><p><span style=\"color: #ffffff; font-weight: 400 !important;\">Quando si tratta del tuo sorriso, non accettiamo compromessi. Lo studio dentistico della Dott.ssa Domina Reljanovi\u0107 Protega, specializzato in ortodonzia, \u00e8 una clinica rinomata situata nel cuore di Zagabria. Offriamo trattamenti ortodontici di altissima qualit\u00e0, personalizzati in base alle esigenze di ogni paziente. Il nostro team di ortodontisti altamente qualificati utilizza le tecniche e le tecnologie pi\u00f9 moderne per garantirti un sorriso sano, armonioso e radioso \u2014 proprio come meriti.<\/span><\/p>\n<\/div><\/section><\/p>\n<\/div><\/div>\n<\/div>\n<div id='av_section_1'  class='avia-section av-7e2pak-cdc7b9d302c3cf50aa924b2275f316df main_color avia-section-huge avia-no-border-styling  avia-builder-el-9  el_after_av_layout_row  el_before_av_section  avia-bg-style-scroll container_wrap sidebar_right'  ><div class='container av-section-cont-open' ><div class='template-page content  av-content-small alpha units'><div class='post-entry post-entry-type-page post-entry-3928'><div class='entry-content-wrapper clearfix'>\n\n<style type=\"text\/css\" data-created_by=\"avia_inline_auto\" id=\"style-css-av-lbupg-91a9f4fbdb6bf703ed0ec5ab0a132ac1\">\n.flex_column.av-lbupg-91a9f4fbdb6bf703ed0ec5ab0a132ac1{\nborder-radius:0px 0px 0px 0px;\n}\n<\/style>\n<div  class='flex_column av-lbupg-91a9f4fbdb6bf703ed0ec5ab0a132ac1 av_one_half  avia-builder-el-10  el_before_av_one_half  avia-builder-el-first  first av-break-at-tablet flex_column_div av-animated-generic bottom-to-top  '     ><p>\n<style type=\"text\/css\" data-created_by=\"avia_inline_auto\" id=\"style-css-av-ln2dk402-75507c1ff124868aa8308b28133e1b0a\">\n#top .av-special-heading.av-ln2dk402-75507c1ff124868aa8308b28133e1b0a{\npadding-bottom:0;\ncolor:#ababab;\nfont-size:20px;\n}\nbody .av-special-heading.av-ln2dk402-75507c1ff124868aa8308b28133e1b0a .av-special-heading-tag .heading-char{\nfont-size:25px;\n}\n#top #wrap_all .av-special-heading.av-ln2dk402-75507c1ff124868aa8308b28133e1b0a .av-special-heading-tag{\nfont-size:20px;\n}\n.av-special-heading.av-ln2dk402-75507c1ff124868aa8308b28133e1b0a .special-heading-inner-border{\nborder-color:#ababab;\n}\n.av-special-heading.av-ln2dk402-75507c1ff124868aa8308b28133e1b0a .av-subheading{\nfont-size:25px;\n}\n\n@media only screen and (min-width: 990px){ \n#top #wrap_all .av-special-heading.av-ln2dk402-75507c1ff124868aa8308b28133e1b0a .av-special-heading-tag{\nfont-size:20px;\n}\n}\n\n@media only screen and (min-width: 768px) and (max-width: 989px){ \n#top #wrap_all .av-special-heading.av-ln2dk402-75507c1ff124868aa8308b28133e1b0a .av-special-heading-tag{\nfont-size:20px;\n}\n}\n\n@media only screen and (min-width: 480px) and (max-width: 767px){ \n#top #wrap_all .av-special-heading.av-ln2dk402-75507c1ff124868aa8308b28133e1b0a .av-special-heading-tag{\nfont-size:20px;\n}\n}\n\n@media only screen and (max-width: 479px){ \n#top #wrap_all .av-special-heading.av-ln2dk402-75507c1ff124868aa8308b28133e1b0a .av-special-heading-tag{\nfont-size:20px;\n}\n}\n<\/style>\n<div  id=\"usluge\"  class='av-special-heading av-ln2dk402-75507c1ff124868aa8308b28133e1b0a av-special-heading-h3 custom-color-heading blockquote modern-quote  avia-builder-el-11  el_before_av_heading  avia-builder-el-first  av-inherit-size'><h3 class='av-special-heading-tag'  itemprop=\"headline\"  >LA TUA DOTTORESSA<\/h3><div class=\"special-heading-border\"><div class=\"special-heading-inner-border\"><\/div><\/div><\/div><br \/>\n\n<style type=\"text\/css\" data-created_by=\"avia_inline_auto\" id=\"style-css-av-efhck-3c4fe20f097a4cfa87ec42dd3724195e\">\n#top .av-special-heading.av-efhck-3c4fe20f097a4cfa87ec42dd3724195e{\nmargin:10px 0 0 0;\npadding-bottom:10px;\ncolor:#727272;\nfont-size:40px;\n}\nbody .av-special-heading.av-efhck-3c4fe20f097a4cfa87ec42dd3724195e .av-special-heading-tag .heading-char{\nfont-size:25px;\n}\n#top #wrap_all .av-special-heading.av-efhck-3c4fe20f097a4cfa87ec42dd3724195e .av-special-heading-tag{\nfont-size:40px;\n}\n.av-special-heading.av-efhck-3c4fe20f097a4cfa87ec42dd3724195e .special-heading-inner-border{\nborder-color:#727272;\n}\n.av-special-heading.av-efhck-3c4fe20f097a4cfa87ec42dd3724195e .av-subheading{\nfont-size:17px;\n}\n\n@media only screen and (min-width: 480px) and (max-width: 767px){ \n#top #wrap_all .av-special-heading.av-efhck-3c4fe20f097a4cfa87ec42dd3724195e .av-special-heading-tag{\nfont-size:0.8em;\n}\n}\n\n@media only screen and (max-width: 479px){ \n#top #wrap_all .av-special-heading.av-efhck-3c4fe20f097a4cfa87ec42dd3724195e .av-special-heading-tag{\nfont-size:0.8em;\n}\n}\n<\/style>\n<div  class='av-special-heading av-efhck-3c4fe20f097a4cfa87ec42dd3724195e av-special-heading-h3 custom-color-heading blockquote modern-quote  avia-builder-el-12  el_after_av_heading  el_before_av_textblock  av-thin-font av-inherit-size'><h3 class='av-special-heading-tag'  itemprop=\"headline\"  > <strong>Medico dentista e specialista<\/strong><span style=\"color: #ababab;\"> in una delle branche pi\u00f9 affascinanti della medicina dentale \u2014 <\/span> <span style=\"color: #e040a3;\">l\u2019ortodonzia.<\/span><\/h3><div class=\"special-heading-border\"><div class=\"special-heading-inner-border\"><\/div><\/div><\/div><br \/>\n<section  class='av_textblock_section av-5hy4us-f963d9508855f2204d5eeaa690a959dd '   itemscope=\"itemscope\" itemtype=\"https:\/\/schema.org\/CreativeWork\" ><div class='avia_textblock'  itemprop=\"text\" ><p>La Dott.ssa Domina Reljanovi\u0107 Protega \u00e8 nata il 12 settembre 1978 a Vinkovci, dove ha completato la scuola elementare e il liceo scientifico con risultati eccellenti. Nel 1996 si \u00e8 iscritta alla Facolt\u00e0 di Odontoiatria dell\u2019Universit\u00e0 di Zagabria, dove si \u00e8 laureata nel 2002 con il massimo dei voti. Grazie ai suoi straordinari risultati accademici, \u00e8 stata inserita tra il 10% dei migliori studenti della Facolt\u00e0 di Odontoiatria della sua generazione.<\/p>\n<p>Presso la stessa universit\u00e0, la Dott.ssa Domina Reljanovi\u0107 Protega ha frequentato anche il corso post\u2013laurea di specializzazione scientifica in ortodonzia. Fino al 2006 ha lavorato nello studio dentistico privato Mr. Sci. Dr. Domina Reljanovi\u0107 a Vinkovci, dove ha acquisito una solida esperienza clinica e grande sicurezza professionale lavorando con un ampio numero di pazienti. Dal 2006 al 2009 al 2009 ha proseguito la sua specializzazione in ortodonzia presso la Facolt\u00e0 di Odontoiatria dell\u2019Universit\u00e0 di Zagabria, conseguendo il titolo di specialista in ortodonzia il 19 febbraio 2009.<\/p>\n<p>Durante i tre anni della sua specializzazione, la Dott.ssa Domina Reljanovi\u0107 Protega ha lavorato presso la pi\u00f9 grande clinica odontoiatrica della Croazia \u2014 la Stomatolo\u0161ka Poliklinika Zagreb. Qui, collaborando con un team di esperti di tutte le branche dell\u2019odontoiatria, in particolare dell\u2019ortodonzia, ha acquisito un\u2019enorme esperienza clinica e la fiducia necessaria per aprire il proprio studio nel 2012.<\/p>\n<p>La Dott.ssa Domina Reljanovi\u0107 Protega continua a perfezionarsi costantemente partecipando ai pi\u00f9 importanti congressi ortodontici internazionali, europei e croati, con particolare attenzione ai congressi dell\u2019American Association of Orthodontists (AAO). Questi eventi scientifici, che riuniscono i principali esperti di ortodonzia moderna provenienti da tutto il mondo, sono considerati da molti specialisti persino pi\u00f9 rilevanti del Congresso Mondiale di Ortodonzia, grazie all\u2019altissimo livello dei relatori e alle innovazioni presentate.<\/p>\n<p>Parte della sua formazione scientifica, la Dott.ssa Reljanovi\u0107 Protega l\u2019ha svolta anche presso una clinica ortodontica privata negli Stati Uniti, ad Austin, Texas, sotto la guida del prof. R.G. \u201cWick\u201d Alexander, D.D.S., M.S.D., uno dei pionieri dell\u2019ortodonzia moderna \u2014 un\u2019esperienza di cui \u00e8 particolarmente orgogliosa.<\/p>\n<\/div><\/section><\/p><\/div>\n<style type=\"text\/css\" data-created_by=\"avia_inline_auto\" id=\"style-css-av-5ggwyk-13f56e4cf3c028cc248b00cb44eee83b\">\n.flex_column.av-5ggwyk-13f56e4cf3c028cc248b00cb44eee83b{\nborder-radius:0px 0px 0px 0px;\npadding:0px 0px 0px 0px;\n}\n<\/style>\n<div  class='flex_column av-5ggwyk-13f56e4cf3c028cc248b00cb44eee83b av_one_half  avia-builder-el-14  el_after_av_one_half  avia-builder-el-last  av-break-at-tablet flex_column_div av-animated-generic bottom-to-top av-zero-column-padding  '     ><style type=\"text\/css\" data-created_by=\"avia_inline_auto\" id=\"style-css-av-3y2k6s-4ccbb2f0504a459691c39cfae18dbaa9\">\n#top #wrap_all .avia-team-member.av-3y2k6s-4ccbb2f0504a459691c39cfae18dbaa9 .team-member-name{\ncolor:#727272;\n}\n.avia-team-member.av-3y2k6s-4ccbb2f0504a459691c39cfae18dbaa9 .team-member-job-title{\ncolor:#ababab;\n}\n.avia-team-member.av-3y2k6s-4ccbb2f0504a459691c39cfae18dbaa9 .team-member-description{\ncolor:#727272;\n}\n<\/style>\n<section  class='avia-team-member av-3y2k6s-4ccbb2f0504a459691c39cfae18dbaa9  avia-builder-el-15  avia-builder-el-no-sibling '  itemscope=\"itemscope\" itemtype=\"https:\/\/schema.org\/Person\" ><div class=\"team-img-container\"><img decoding=\"async\" loading=\"lazy\" class='wp-image-4239 avia-img-lazy-loading-4239 avia_image avia_image_team' src=\"https:\/\/ortodoncija-reljanovicprotega.hr\/wp-content\/uploads\/2025\/11\/dr-domina-relkanovic.jpg\" alt='Domina Reljanovi\u0107 Protega'  itemprop=\"image\"   height=\"1030\" width=\"766\" srcset=\"https:\/\/ortodoncija-reljanovicprotega.hr\/wp-content\/uploads\/2025\/11\/dr-domina-relkanovic.jpg 766w, https:\/\/ortodoncija-reljanovicprotega.hr\/wp-content\/uploads\/2025\/11\/dr-domina-relkanovic-223x300.jpg 223w, https:\/\/ortodoncija-reljanovicprotega.hr\/wp-content\/uploads\/2025\/11\/dr-domina-relkanovic-524x705.jpg 524w\" sizes=\"auto, (max-width: 766px) 100vw, 766px\" \/><div class=\"team-social\"><div class=\"team-social-inner\"><span class='hidden av_member_url_markup facebook'  itemprop=\"url\" >https:\/\/www.facebook.com\/OrtodoncijaReljanovicProtegaDomina<\/span><a href=\"https:\/\/www.facebook.com\/OrtodoncijaReljanovicProtegaDomina\" class=\"avia-team-icon av-3lp7s4-f47180cefdc1696d269c1d18e9077459 facebook\" rel=\"v:url noopener\" data-avia-tooltip=\"Domina su Facebook\" target=\"_blank\" aria-hidden=\"true\" data-av_icon=\"\ue8f4\" data-av_iconfont=\"entypo-fontello\"><\/a><span class='hidden av_member_url_markup '  itemprop=\"url\" >https:\/\/www.instagram.com\/ortodont_reljanovic_protega<\/span><a href=\"https:\/\/www.instagram.com\/ortodont_reljanovic_protega\" class=\"avia-team-icon av-3g2fmk-bb2499fd739e726f080fbf2a12d2c276\" rel=\"v:url noopener\" data-avia-tooltip=\"Domina su Instagram\" target=\"_blank\" aria-hidden=\"true\" data-av_icon=\"\uf16d\" data-av_iconfont=\"entypo-fontello\"><\/a><\/div><\/div><\/div><h3 class='team-member-name '  itemprop=\"name\" >Domina Reljanovi\u0107 Protega<\/h3><div class='team-member-job-title av_opacity_variation'  itemprop=\"jobTitle\" >Dr. med. dent. \u2013 Specialista in ortodonzia<\/div><div class='team-member-description av_inherit_color'  itemprop=\"description\" ><p>Dal marzo 2012, la Dott.ssa Domina Reljanovi\u0107 Protega esercita la professione nel proprio studio privato di odontoiatria e ortodonzia, situato nel centro di Zagabria, in Via \u0110or\u0111i\u0107eva n. 10.<\/p>\n<\/div><span class='hidden team-member-affiliation'  itemprop=\"affiliation\" >Ortodont u centru Zagreba dr. Domina Reljanovi\u0107 Protega<\/span><\/section><\/div><\/div><\/div><\/div><!-- close content main div --><\/div><\/div>\n<style type=\"text\/css\" data-created_by=\"avia_inline_auto\" id=\"style-css-av-34bxr0-4da7ee6175c81c03bc52c90a27433e3f\">\n.avia-section.av-34bxr0-4da7ee6175c81c03bc52c90a27433e3f{\nbackground-color:#f8f8f8;\nbackground-image:unset;\n}\n<\/style>\n<div id='av_section_2'  class='avia-section av-34bxr0-4da7ee6175c81c03bc52c90a27433e3f main_color avia-section-large avia-no-border-styling  avia-builder-el-16  el_after_av_section  el_before_av_layout_row  avia-bg-style-scroll container_wrap sidebar_right'  ><div class='container av-section-cont-open' ><div class='template-page content  av-content-small alpha units'><div class='post-entry post-entry-type-page post-entry-3928'><div class='entry-content-wrapper clearfix'>\n\n<style type=\"text\/css\" data-created_by=\"avia_inline_auto\" id=\"style-css-av-ln2jpttl-70d2035e56e5ecaf07e4b202052b2354\">\n#top .av-special-heading.av-ln2jpttl-70d2035e56e5ecaf07e4b202052b2354{\npadding-bottom:20px;\ncolor:#ababab;\nfont-size:20px;\n}\nbody .av-special-heading.av-ln2jpttl-70d2035e56e5ecaf07e4b202052b2354 .av-special-heading-tag .heading-char{\nfont-size:25px;\n}\n#top #wrap_all .av-special-heading.av-ln2jpttl-70d2035e56e5ecaf07e4b202052b2354 .av-special-heading-tag{\nfont-size:20px;\n}\n.av-special-heading.av-ln2jpttl-70d2035e56e5ecaf07e4b202052b2354 .special-heading-inner-border{\nborder-color:#ababab;\n}\n.av-special-heading.av-ln2jpttl-70d2035e56e5ecaf07e4b202052b2354 .av-subheading{\nfont-size:25px;\n}\n\n@media only screen and (min-width: 990px){ \n#top #wrap_all .av-special-heading.av-ln2jpttl-70d2035e56e5ecaf07e4b202052b2354 .av-special-heading-tag{\nfont-size:20px;\n}\n}\n\n@media only screen and (min-width: 768px) and (max-width: 989px){ \n#top #wrap_all .av-special-heading.av-ln2jpttl-70d2035e56e5ecaf07e4b202052b2354 .av-special-heading-tag{\nfont-size:20px;\n}\n}\n\n@media only screen and (min-width: 480px) and (max-width: 767px){ \n#top #wrap_all .av-special-heading.av-ln2jpttl-70d2035e56e5ecaf07e4b202052b2354 .av-special-heading-tag{\nfont-size:20px;\n}\n}\n\n@media only screen and (max-width: 479px){ \n#top #wrap_all .av-special-heading.av-ln2jpttl-70d2035e56e5ecaf07e4b202052b2354 .av-special-heading-tag{\nfont-size:20px;\n}\n}\n<\/style>\n<div  id=\"usluge\"  class='av-special-heading av-ln2jpttl-70d2035e56e5ecaf07e4b202052b2354 av-special-heading-h3 custom-color-heading blockquote modern-quote  avia-builder-el-17  el_before_av_one_third  avia-builder-el-first  av-inherit-size'><h3 class='av-special-heading-tag'  itemprop=\"headline\"  >Il Nostro Staff<\/h3><div class=\"special-heading-border\"><div class=\"special-heading-inner-border\"><\/div><\/div><\/div>\n\n<style type=\"text\/css\" data-created_by=\"avia_inline_auto\" id=\"style-css-av-2yflgk-807d54d7092b2c163d7b793915423c00\">\n.flex_column.av-2yflgk-807d54d7092b2c163d7b793915423c00{\nborder-radius:0px 0px 0px 0px;\npadding:0px 0px 0px 0px;\n}\n<\/style>\n<div  class='flex_column av-2yflgk-807d54d7092b2c163d7b793915423c00 av_one_third  avia-builder-el-18  el_after_av_heading  el_before_av_one_third  first av-break-at-tablet flex_column_div av-zero-column-padding  '     ><style type=\"text\/css\" data-created_by=\"avia_inline_auto\" id=\"style-css-av-2t37j8-4a797b44c1ca320ff257e8a8ab362810\">\n#top #wrap_all .avia-team-member.av-2t37j8-4a797b44c1ca320ff257e8a8ab362810 .team-member-name{\ncolor:#727272;\n}\n.avia-team-member.av-2t37j8-4a797b44c1ca320ff257e8a8ab362810 .team-member-job-title{\ncolor:#ababab;\n}\n.avia-team-member.av-2t37j8-4a797b44c1ca320ff257e8a8ab362810 .team-member-description{\ncolor:#727272;\n}\n<\/style>\n<section  class='avia-team-member av-2t37j8-4a797b44c1ca320ff257e8a8ab362810  avia-builder-el-19  avia-builder-el-no-sibling '  itemscope=\"itemscope\" itemtype=\"https:\/\/schema.org\/Person\" ><div class=\"team-img-container\"><img decoding=\"async\" fetchpriority=\"high\" class='wp-image-4244 avia-img-lazy-loading-not-4244 avia_image avia_image_team' src=\"https:\/\/ortodoncija-reljanovicprotega.hr\/wp-content\/uploads\/2025\/11\/kristina-jakin.jpg\" alt='Kristina Jakin'  itemprop=\"image\"   height=\"1707\" width=\"1280\" srcset=\"https:\/\/ortodoncija-reljanovicprotega.hr\/wp-content\/uploads\/2025\/11\/kristina-jakin.jpg 1280w, https:\/\/ortodoncija-reljanovicprotega.hr\/wp-content\/uploads\/2025\/11\/kristina-jakin-225x300.jpg 225w, https:\/\/ortodoncija-reljanovicprotega.hr\/wp-content\/uploads\/2025\/11\/kristina-jakin-772x1030.jpg 772w, https:\/\/ortodoncija-reljanovicprotega.hr\/wp-content\/uploads\/2025\/11\/kristina-jakin-768x1024.jpg 768w, https:\/\/ortodoncija-reljanovicprotega.hr\/wp-content\/uploads\/2025\/11\/kristina-jakin-1152x1536.jpg 1152w, https:\/\/ortodoncija-reljanovicprotega.hr\/wp-content\/uploads\/2025\/11\/kristina-jakin-1125x1500.jpg 1125w, https:\/\/ortodoncija-reljanovicprotega.hr\/wp-content\/uploads\/2025\/11\/kristina-jakin-529x705.jpg 529w\" sizes=\"(max-width: 1280px) 100vw, 1280px\" \/><\/div><h3 class='team-member-name '  itemprop=\"name\" >Kristina Jakin<\/h3><div class='team-member-job-title av_opacity_variation'  itemprop=\"jobTitle\" >Assistente<\/div><div class='team-member-description av_inherit_color'  itemprop=\"description\" ><p>Nata il 24 ottobre 1991 a Zagabria, ha completato la Scuola Superiore per Infermiere Vrap\u010de e il tirocinio obbligatorio per operatori sanitari presso il KBC Rebro. Nel 2011 ha ottenuto l\u2019autorizzazione per l\u2019esercizio professionale e da subito \u00e8 entrata a far parte del team ortodontico della Dott.ssa Domina Reljanovi\u0107 Protega, come membro a pieno titolo dello studio. Nel 2015 ha conseguito la riqualifica come assistente dentale presso l\u2019istituto Ambitio. Partecipa regolarmente a corsi di aggiornamento professionale per assistenti dentali, continuando a perfezionare le proprie competenze. Oggi coordina l\u2019organizzazione interna dello studio, distinguendosi per precisione, impegno e grande dedizione nella cura quotidiana dei pazienti.<\/p>\n<\/div><span class='hidden team-member-affiliation'  itemprop=\"affiliation\" >Ortodont u centru Zagreba dr. Domina Reljanovi\u0107 Protega<\/span><\/section><\/div>\n<style type=\"text\/css\" data-created_by=\"avia_inline_auto\" id=\"style-css-av-263t9o-d58579267023d325d5426e8586905a7e\">\n.flex_column.av-263t9o-d58579267023d325d5426e8586905a7e{\nborder-radius:0px 0px 0px 0px;\npadding:0px 0px 0px 0px;\n}\n<\/style>\n<div  class='flex_column av-263t9o-d58579267023d325d5426e8586905a7e av_one_third  avia-builder-el-20  el_after_av_one_third  el_before_av_one_third  av-break-at-tablet flex_column_div av-zero-column-padding  '     ><style type=\"text\/css\" data-created_by=\"avia_inline_auto\" id=\"style-css-av-249ov8-3d9f56588f4c443023f03f5b90de077d\">\n#top #wrap_all .avia-team-member.av-249ov8-3d9f56588f4c443023f03f5b90de077d .team-member-name{\ncolor:#727272;\n}\n.avia-team-member.av-249ov8-3d9f56588f4c443023f03f5b90de077d .team-member-job-title{\ncolor:#ababab;\n}\n.avia-team-member.av-249ov8-3d9f56588f4c443023f03f5b90de077d .team-member-description{\ncolor:#727272;\n}\n<\/style>\n<section  class='avia-team-member av-249ov8-3d9f56588f4c443023f03f5b90de077d  avia-builder-el-21  avia-builder-el-no-sibling '  itemscope=\"itemscope\" itemtype=\"https:\/\/schema.org\/Person\" ><div class=\"team-img-container\"><img decoding=\"async\" fetchpriority=\"high\" class='wp-image-4254 avia-img-lazy-loading-not-4254 avia_image avia_image_team' src=\"https:\/\/ortodoncija-reljanovicprotega.hr\/wp-content\/uploads\/2025\/11\/tamara.jpg\" alt='Elena Temelkova'  itemprop=\"image\"   height=\"1707\" width=\"1280\" srcset=\"https:\/\/ortodoncija-reljanovicprotega.hr\/wp-content\/uploads\/2025\/11\/tamara.jpg 1280w, https:\/\/ortodoncija-reljanovicprotega.hr\/wp-content\/uploads\/2025\/11\/tamara-225x300.jpg 225w, https:\/\/ortodoncija-reljanovicprotega.hr\/wp-content\/uploads\/2025\/11\/tamara-772x1030.jpg 772w, https:\/\/ortodoncija-reljanovicprotega.hr\/wp-content\/uploads\/2025\/11\/tamara-768x1024.jpg 768w, https:\/\/ortodoncija-reljanovicprotega.hr\/wp-content\/uploads\/2025\/11\/tamara-1152x1536.jpg 1152w, https:\/\/ortodoncija-reljanovicprotega.hr\/wp-content\/uploads\/2025\/11\/tamara-1125x1500.jpg 1125w, https:\/\/ortodoncija-reljanovicprotega.hr\/wp-content\/uploads\/2025\/11\/tamara-529x705.jpg 529w\" sizes=\"(max-width: 1280px) 100vw, 1280px\" \/><\/div><h3 class='team-member-name '  itemprop=\"name\" >Elena Temelkova<\/h3><div class='team-member-job-title av_opacity_variation'  itemprop=\"jobTitle\" >Assistente<\/div><div class='team-member-description av_inherit_color'  itemprop=\"description\" ><p>Originaria di Pola, Elena Temelkova ha completato gli studi presso la Scuola Sanitaria di Zagabria con specializzazione in assistenza dentale. Da molti anni lavora nel settore odontoiatrico, dove ha maturato una vasta esperienza in diversi ambiti, in particolare nell\u2019ortodonzia e nella cura dei pazienti.<br \/>\nElena \u00e8 paziente, comunicativa e precisa; il suo obiettivo \u00e8 sempre far sentire i pazienti a proprio agio e in buone mani. La sua dedizione e l\u2019attenzione ai dettagli la rendono una parte essenziale del team dello studio.<\/p>\n<\/div><span class='hidden team-member-affiliation'  itemprop=\"affiliation\" >Ortodont u centru Zagreba dr. Domina Reljanovi\u0107 Protega<\/span><\/section><\/div>\n<style type=\"text\/css\" data-created_by=\"avia_inline_auto\" id=\"style-css-av-motto-a2027a349f6b66c4541b346ac95a4cb9\">\n.flex_column.av-motto-a2027a349f6b66c4541b346ac95a4cb9{\nborder-radius:0px 0px 0px 0px;\npadding:0px 0px 0px 0px;\n}\n<\/style>\n<div  class='flex_column av-motto-a2027a349f6b66c4541b346ac95a4cb9 av_one_third  avia-builder-el-22  el_after_av_one_third  avia-builder-el-last  av-break-at-tablet flex_column_div av-zero-column-padding  '     ><style type=\"text\/css\" data-created_by=\"avia_inline_auto\" id=\"style-css-av-mhw0qag2-5421d8283b3b3eac64ac5a5ca124fe0a\">\n#top #wrap_all .avia-team-member.av-mhw0qag2-5421d8283b3b3eac64ac5a5ca124fe0a .team-member-name{\ncolor:#727272;\n}\n.avia-team-member.av-mhw0qag2-5421d8283b3b3eac64ac5a5ca124fe0a .team-member-job-title{\ncolor:#ababab;\n}\n.avia-team-member.av-mhw0qag2-5421d8283b3b3eac64ac5a5ca124fe0a .team-member-description{\ncolor:#727272;\n}\n<\/style>\n<section  class='avia-team-member av-mhw0qag2-5421d8283b3b3eac64ac5a5ca124fe0a  avia-builder-el-23  avia-builder-el-no-sibling '  itemscope=\"itemscope\" itemtype=\"https:\/\/schema.org\/Person\" ><div class=\"team-img-container\"><img decoding=\"async\" fetchpriority=\"high\" class='wp-image-4249 avia-img-lazy-loading-not-4249 avia_image avia_image_team' src=\"https:\/\/ortodoncija-reljanovicprotega.hr\/wp-content\/uploads\/2025\/11\/ognjen.jpg\" alt='Ognjen Rupe'  itemprop=\"image\"   height=\"1707\" width=\"1280\" srcset=\"https:\/\/ortodoncija-reljanovicprotega.hr\/wp-content\/uploads\/2025\/11\/ognjen.jpg 1280w, https:\/\/ortodoncija-reljanovicprotega.hr\/wp-content\/uploads\/2025\/11\/ognjen-225x300.jpg 225w, https:\/\/ortodoncija-reljanovicprotega.hr\/wp-content\/uploads\/2025\/11\/ognjen-772x1030.jpg 772w, https:\/\/ortodoncija-reljanovicprotega.hr\/wp-content\/uploads\/2025\/11\/ognjen-768x1024.jpg 768w, https:\/\/ortodoncija-reljanovicprotega.hr\/wp-content\/uploads\/2025\/11\/ognjen-1152x1536.jpg 1152w, https:\/\/ortodoncija-reljanovicprotega.hr\/wp-content\/uploads\/2025\/11\/ognjen-1125x1500.jpg 1125w, https:\/\/ortodoncija-reljanovicprotega.hr\/wp-content\/uploads\/2025\/11\/ognjen-529x705.jpg 529w\" sizes=\"(max-width: 1280px) 100vw, 1280px\" \/><\/div><h3 class='team-member-name '  itemprop=\"name\" >Ognjen Rupe<\/h3><div class='team-member-job-title av_opacity_variation'  itemprop=\"jobTitle\" >Tecnico medico<\/div><div class='team-member-description av_inherit_color'  itemprop=\"description\" ><p>Con oltre 25 anni di esperienza presso il Centro Clinico Ospedaliero di Zagabria, nei reparti di chirurgia, sala operatoria e psichiatria infantile e adolescenziale, Ognjen Rupe porta con s\u00e9 una grande conoscenza e una calma maturata in anni di lavoro in \u00e9quipe ospedaliere di alto livello. Successivamente ha ampliato la sua esperienza lavorando in una clinica estetica, dove ha sviluppato un particolare senso di precisione, comunicazione e attenzione al paziente.<br \/>\nNello studio ortodontico si occupa di creare un\u2019atmosfera accogliente e sicura per i pazienti, oltre a gestire il supporto amministrativo e il coordinamento delle attivit\u00e0 quotidiane, garantendo che tutto funzioni in modo impeccabile e con il sorriso.<\/p>\n<\/div><span class='hidden team-member-affiliation'  itemprop=\"affiliation\" >Ortodont u centru Zagreba dr. Domina Reljanovi\u0107 Protega<\/span><\/section><\/div>\n<\/p>\n<\/div><\/div><\/div><!-- close content main div --><\/div><\/div><div id='av-layout-grid-3'  class='av-layout-grid-container av-17lz90-fc30087efdc66f6f79e90819387c3b14 entry-content-wrapper main_color av-flex-cells  avia-builder-el-24  el_after_av_section  avia-builder-el-last  grid-row-not-first  container_wrap sidebar_right'  >\n\n<style type=\"text\/css\" data-created_by=\"avia_inline_auto\" id=\"style-css-av-13mv8s-316be5bf59238959152a4ee2db9750ef\">\n.flex_cell.av-13mv8s-316be5bf59238959152a4ee2db9750ef{\nvertical-align:middle;\nheight:500px;\nmin-height:500px;\n}\n.responsive #top #wrap_all .flex_cell.av-13mv8s-316be5bf59238959152a4ee2db9750ef{\npadding:0px 0px 0px 0px !important;\n}\n<\/style>\n<div class='flex_cell av-13mv8s-316be5bf59238959152a4ee2db9750ef av-gridrow-cell av_one_full no_margin  avia-builder-el-25  avia-builder-el-no-sibling  av-zero-padding avia-full-stretch'  ><div class='flex_cell_inner'><div id='av-masonry-1' class='av-masonry av-ln2e7zdi-ef8a4c71ac6892de86c6bfa609c9a802 noHover av-fixed-size av-no-gap av-hover-overlay- av-masonry-animation-active av-masonry-col-3 av-caption-always av-caption-style- av-masonry-gallery av-desktop-columns-overwrite av-desktop-columns-3 av-medium-columns-overwrite av-medium-columns-2 av-small-columns-overwrite av-small-columns-2 ' data-post_id=\"3928\"><div class=\"av-masonry-container isotope av-js-disabled\"><div class='av-masonry-entry isotope-item av-masonry-item-no-image '><\/div><a href=\"https:\/\/ortodoncija-reljanovicprotega.hr\/wp-content\/uploads\/2025\/11\/ordinacija-zagreb-5.jpg\" data-srcset=\"https:\/\/ortodoncija-reljanovicprotega.hr\/wp-content\/uploads\/2025\/11\/ordinacija-zagreb-5.jpg 705w, https:\/\/ortodoncija-reljanovicprotega.hr\/wp-content\/uploads\/2025\/11\/ordinacija-zagreb-5-300x200.jpg 300w\" data-sizes=\"(max-width: 705px) 100vw, 705px\"  aria-label=\"immagine ordinacija-zagreb-5\"  id='av-masonry-1-item-4293' data-av-masonry-item='4293' class='av-masonry-entry isotope-item post-4293 attachment type-attachment status-inherit hentry  av-masonry-item-with-image' title=\"\" alt=\"Osmijeh radi zadovoljnih pacijenta\"    itemprop=\"thumbnailUrl\" ><div class='av-inner-masonry-sizer'><\/div><figure class='av-inner-masonry main_color'><div class=\"av-masonry-outerimage-container\"><div class='av-masonry-image-container' style=\"background-image: url(https:\/\/ortodoncija-reljanovicprotega.hr\/wp-content\/uploads\/2025\/11\/ordinacija-zagreb-5.jpg);\"  title=\"ordinacija-zagreb-5\"   alt=\"Osmijeh radi zadovoljnih pacijenta\" ><\/div><\/div><\/figure><\/a><!--end av-masonry entry--><a href=\"https:\/\/ortodoncija-reljanovicprotega.hr\/wp-content\/uploads\/2025\/11\/ordinacija-zagreb-2.jpg\" data-srcset=\"https:\/\/ortodoncija-reljanovicprotega.hr\/wp-content\/uploads\/2025\/11\/ordinacija-zagreb-2.jpg 705w, https:\/\/ortodoncija-reljanovicprotega.hr\/wp-content\/uploads\/2025\/11\/ordinacija-zagreb-2-300x200.jpg 300w\" data-sizes=\"(max-width: 705px) 100vw, 705px\"  aria-label=\"immagine ordinacija-zagreb-2\"  id='av-masonry-1-item-4278' data-av-masonry-item='4278' class='av-masonry-entry isotope-item post-4278 attachment type-attachment status-inherit hentry  av-masonry-item-with-image' title=\"\" alt=\"Interijer \u010dekaonice u ortodontskoj ordinaciji\"    itemprop=\"thumbnailUrl\" ><div class='av-inner-masonry-sizer'><\/div><figure class='av-inner-masonry main_color'><div class=\"av-masonry-outerimage-container\"><div class='av-masonry-image-container' style=\"background-image: url(https:\/\/ortodoncija-reljanovicprotega.hr\/wp-content\/uploads\/2025\/11\/ordinacija-zagreb-2.jpg);\"  title=\"ordinacija-zagreb-2\"   alt=\"Interijer \u010dekaonice u ortodontskoj ordinaciji\" ><\/div><\/div><\/figure><\/a><!--end av-masonry entry--><a href=\"https:\/\/ortodoncija-reljanovicprotega.hr\/wp-content\/uploads\/2023\/09\/cekaonica-5.jpg\" data-srcset=\"https:\/\/ortodoncija-reljanovicprotega.hr\/wp-content\/uploads\/2023\/09\/cekaonica-5.jpg 990w, https:\/\/ortodoncija-reljanovicprotega.hr\/wp-content\/uploads\/2023\/09\/cekaonica-5-300x200.jpg 300w, https:\/\/ortodoncija-reljanovicprotega.hr\/wp-content\/uploads\/2023\/09\/cekaonica-5-768x512.jpg 768w, https:\/\/ortodoncija-reljanovicprotega.hr\/wp-content\/uploads\/2023\/09\/cekaonica-5-705x470.jpg 705w\" data-sizes=\"(max-width: 990px) 100vw, 990px\"  aria-label=\"immagine Svijetla i moderno ure\u0111ena \u010dekaonica ortodontske ordinacije s elegantnim bijelim foteljama.\"  id='av-masonry-1-item-3931' data-av-masonry-item='3931' class='av-masonry-entry isotope-item post-3931 attachment type-attachment status-inherit hentry  av-masonry-item-with-image' title=\"\" alt=\"Svijetla i moderno ure\u0111ena \u010dekaonica ortodontske ordinacije s elegantnim bijelim foteljama.\"    itemprop=\"thumbnailUrl\" ><div class='av-inner-masonry-sizer'><\/div><figure class='av-inner-masonry main_color'><div class=\"av-masonry-outerimage-container\"><div class='av-masonry-image-container' style=\"background-image: url(https:\/\/ortodoncija-reljanovicprotega.hr\/wp-content\/uploads\/2023\/09\/cekaonica-5-705x470.jpg);\"   alt=\"Svijetla i moderno ure\u0111ena \u010dekaonica ortodontske ordinacije s elegantnim bijelim foteljama.\" ><\/div><\/div><\/figure><\/a><!--end av-masonry entry--><a href=\"https:\/\/ortodoncija-reljanovicprotega.hr\/wp-content\/uploads\/2025\/11\/ordinacija-zagreb-1.jpg\" data-srcset=\"https:\/\/ortodoncija-reljanovicprotega.hr\/wp-content\/uploads\/2025\/11\/ordinacija-zagreb-1.jpg 705w, https:\/\/ortodoncija-reljanovicprotega.hr\/wp-content\/uploads\/2025\/11\/ordinacija-zagreb-1-300x200.jpg 300w\" data-sizes=\"(max-width: 705px) 100vw, 705px\"  aria-label=\"immagine ordinacija-zagreb-1\"  id='av-masonry-1-item-4273' data-av-masonry-item='4273' class='av-masonry-entry isotope-item post-4273 attachment type-attachment status-inherit hentry  av-masonry-item-with-image' title=\"\" alt=\"Moderna \u010dekaonica za pacijente u stomatolo\u0161koj ordinaciji\"    itemprop=\"thumbnailUrl\" ><div class='av-inner-masonry-sizer'><\/div><figure class='av-inner-masonry main_color'><div class=\"av-masonry-outerimage-container\"><div class='av-masonry-image-container' style=\"background-image: url(https:\/\/ortodoncija-reljanovicprotega.hr\/wp-content\/uploads\/2025\/11\/ordinacija-zagreb-1.jpg);\"  title=\"ordinacija-zagreb-1\"   alt=\"Moderna \u010dekaonica za pacijente u stomatolo\u0161koj ordinaciji\" ><\/div><\/div><\/figure><\/a><!--end av-masonry entry--><a href=\"https:\/\/ortodoncija-reljanovicprotega.hr\/wp-content\/uploads\/2025\/11\/ordinacija-zagreb-8.jpg\" data-srcset=\"https:\/\/ortodoncija-reljanovicprotega.hr\/wp-content\/uploads\/2025\/11\/ordinacija-zagreb-8.jpg 705w, https:\/\/ortodoncija-reljanovicprotega.hr\/wp-content\/uploads\/2025\/11\/ordinacija-zagreb-8-300x200.jpg 300w\" data-sizes=\"(max-width: 705px) 100vw, 705px\"  aria-label=\"immagine ordinacija-zagreb-8\"  id='av-masonry-1-item-4308' data-av-masonry-item='4308' class='av-masonry-entry isotope-item post-4308 attachment type-attachment status-inherit hentry  av-masonry-item-with-image' title=\"\" alt=\"Spark\"    itemprop=\"thumbnailUrl\" ><div class='av-inner-masonry-sizer'><\/div><figure class='av-inner-masonry main_color'><div class=\"av-masonry-outerimage-container\"><div class='av-masonry-image-container' style=\"background-image: url(https:\/\/ortodoncija-reljanovicprotega.hr\/wp-content\/uploads\/2025\/11\/ordinacija-zagreb-8.jpg);\"  title=\"ordinacija-zagreb-8\"   alt=\"Spark\" ><\/div><\/div><\/figure><\/a><!--end av-masonry entry--><a href=\"https:\/\/ortodoncija-reljanovicprotega.hr\/wp-content\/uploads\/2025\/11\/ordinacija-zagreb-4.jpg\" data-srcset=\"https:\/\/ortodoncija-reljanovicprotega.hr\/wp-content\/uploads\/2025\/11\/ordinacija-zagreb-4.jpg 705w, https:\/\/ortodoncija-reljanovicprotega.hr\/wp-content\/uploads\/2025\/11\/ordinacija-zagreb-4-300x200.jpg 300w\" data-sizes=\"(max-width: 705px) 100vw, 705px\"  aria-label=\"immagine ordinacija-zagreb-4\"  id='av-masonry-1-item-4288' data-av-masonry-item='4288' class='av-masonry-entry isotope-item post-4288 attachment type-attachment status-inherit hentry  av-masonry-item-with-image' title=\"\" alt=\"Zadovoljna pacijentica\"    itemprop=\"thumbnailUrl\" ><div class='av-inner-masonry-sizer'><\/div><figure class='av-inner-masonry main_color'><div class=\"av-masonry-outerimage-container\"><div class='av-masonry-image-container' style=\"background-image: url(https:\/\/ortodoncija-reljanovicprotega.hr\/wp-content\/uploads\/2025\/11\/ordinacija-zagreb-4.jpg);\"  title=\"ordinacija-zagreb-4\"   alt=\"Zadovoljna pacijentica\" ><\/div><\/div><\/figure><\/a><!--end av-masonry entry--><a href=\"https:\/\/ortodoncija-reljanovicprotega.hr\/wp-content\/uploads\/2025\/11\/ordinacija-zagreb-7.jpg\" data-srcset=\"https:\/\/ortodoncija-reljanovicprotega.hr\/wp-content\/uploads\/2025\/11\/ordinacija-zagreb-7.jpg 705w, https:\/\/ortodoncija-reljanovicprotega.hr\/wp-content\/uploads\/2025\/11\/ordinacija-zagreb-7-300x200.jpg 300w\" data-sizes=\"(max-width: 705px) 100vw, 705px\"  aria-label=\"immagine ordinacija-zagreb-7\"  id='av-masonry-1-item-4303' data-av-masonry-item='4303' class='av-masonry-entry isotope-item post-4303 attachment type-attachment status-inherit hentry  av-masonry-item-with-image' title=\"\" alt=\"\u010cekaonica u suvremenoj stomatolo\u0161koj klinici\"    itemprop=\"thumbnailUrl\" ><div class='av-inner-masonry-sizer'><\/div><figure class='av-inner-masonry main_color'><div class=\"av-masonry-outerimage-container\"><div class='av-masonry-image-container' style=\"background-image: url(https:\/\/ortodoncija-reljanovicprotega.hr\/wp-content\/uploads\/2025\/11\/ordinacija-zagreb-7.jpg);\"  title=\"ordinacija-zagreb-7\"   alt=\"\u010cekaonica u suvremenoj stomatolo\u0161koj klinici\" ><\/div><\/div><\/figure><\/a><!--end av-masonry entry--><a href=\"https:\/\/ortodoncija-reljanovicprotega.hr\/wp-content\/uploads\/2025\/11\/ordinacija-zagreb-6.jpg\" data-srcset=\"https:\/\/ortodoncija-reljanovicprotega.hr\/wp-content\/uploads\/2025\/11\/ordinacija-zagreb-6.jpg 705w, https:\/\/ortodoncija-reljanovicprotega.hr\/wp-content\/uploads\/2025\/11\/ordinacija-zagreb-6-300x200.jpg 300w\" data-sizes=\"(max-width: 705px) 100vw, 705px\"  aria-label=\"immagine ordinacija-zagreb-6\"  id='av-masonry-1-item-4298' data-av-masonry-item='4298' class='av-masonry-entry isotope-item post-4298 attachment type-attachment status-inherit hentry  av-masonry-item-with-image' title=\"\" alt=\"Pacijentica i aparati\u0107\"    itemprop=\"thumbnailUrl\" ><div class='av-inner-masonry-sizer'><\/div><figure class='av-inner-masonry main_color'><div class=\"av-masonry-outerimage-container\"><div class='av-masonry-image-container' style=\"background-image: url(https:\/\/ortodoncija-reljanovicprotega.hr\/wp-content\/uploads\/2025\/11\/ordinacija-zagreb-6.jpg);\"  title=\"ordinacija-zagreb-6\"   alt=\"Pacijentica i aparati\u0107\" ><\/div><\/div><\/figure><\/a><!--end av-masonry entry--><a href=\"https:\/\/ortodoncija-reljanovicprotega.hr\/wp-content\/uploads\/2023\/09\/ordinacija-10.jpg\" data-srcset=\"https:\/\/ortodoncija-reljanovicprotega.hr\/wp-content\/uploads\/2023\/09\/ordinacija-10.jpg 1014w, https:\/\/ortodoncija-reljanovicprotega.hr\/wp-content\/uploads\/2023\/09\/ordinacija-10-300x200.jpg 300w, https:\/\/ortodoncija-reljanovicprotega.hr\/wp-content\/uploads\/2023\/09\/ordinacija-10-768x512.jpg 768w, https:\/\/ortodoncija-reljanovicprotega.hr\/wp-content\/uploads\/2023\/09\/ordinacija-10-705x470.jpg 705w\" data-sizes=\"(max-width: 1014px) 100vw, 1014px\"  aria-label=\"immagine Moderan i ugodan prostor\"  id='av-masonry-1-item-5243' data-av-masonry-item='5243' class='av-masonry-entry isotope-item post-5243 attachment type-attachment status-inherit hentry  av-masonry-item-with-image' title=\"\" alt=\"Moderan i ugodan prostor\"    itemprop=\"thumbnailUrl\" ><div class='av-inner-masonry-sizer'><\/div><figure class='av-inner-masonry main_color'><div class=\"av-masonry-outerimage-container\"><div class='av-masonry-image-container' style=\"background-image: url(https:\/\/ortodoncija-reljanovicprotega.hr\/wp-content\/uploads\/2023\/09\/ordinacija-10-705x470.jpg);\"   alt=\"Moderan i ugodan prostor\" ><\/div><\/div><\/figure><\/a><!--end av-masonry entry--><a href=\"https:\/\/ortodoncija-reljanovicprotega.hr\/wp-content\/uploads\/2023\/09\/ordinacija-9.jpg\" data-srcset=\"https:\/\/ortodoncija-reljanovicprotega.hr\/wp-content\/uploads\/2023\/09\/ordinacija-9.jpg 1014w, https:\/\/ortodoncija-reljanovicprotega.hr\/wp-content\/uploads\/2023\/09\/ordinacija-9-300x200.jpg 300w, https:\/\/ortodoncija-reljanovicprotega.hr\/wp-content\/uploads\/2023\/09\/ordinacija-9-768x512.jpg 768w, https:\/\/ortodoncija-reljanovicprotega.hr\/wp-content\/uploads\/2023\/09\/ordinacija-9-705x470.jpg 705w\" data-sizes=\"(max-width: 1014px) 100vw, 1014px\"  aria-label=\"immagine Pink ordinacija\"  id='av-masonry-1-item-5242' data-av-masonry-item='5242' class='av-masonry-entry isotope-item post-5242 attachment type-attachment status-inherit hentry  av-masonry-item-with-image' title=\"\" alt=\"Pink ordinacija\"    itemprop=\"thumbnailUrl\" ><div class='av-inner-masonry-sizer'><\/div><figure class='av-inner-masonry main_color'><div class=\"av-masonry-outerimage-container\"><div class='av-masonry-image-container' style=\"background-image: url(https:\/\/ortodoncija-reljanovicprotega.hr\/wp-content\/uploads\/2023\/09\/ordinacija-9-705x470.jpg);\"   alt=\"Pink ordinacija\" ><\/div><\/div><\/figure><\/a><!--end av-masonry entry--><a href=\"https:\/\/ortodoncija-reljanovicprotega.hr\/wp-content\/uploads\/2023\/09\/cekaonica.jpg\" data-srcset=\"https:\/\/ortodoncija-reljanovicprotega.hr\/wp-content\/uploads\/2023\/09\/cekaonica.jpg 1000w, https:\/\/ortodoncija-reljanovicprotega.hr\/wp-content\/uploads\/2023\/09\/cekaonica-300x192.jpg 300w, https:\/\/ortodoncija-reljanovicprotega.hr\/wp-content\/uploads\/2023\/09\/cekaonica-768x492.jpg 768w, https:\/\/ortodoncija-reljanovicprotega.hr\/wp-content\/uploads\/2023\/09\/cekaonica-705x452.jpg 705w\" data-sizes=\"(max-width: 1000px) 100vw, 1000px\"  aria-label=\"immagine \u010cekaonica u ordinaciji\"  id='av-masonry-1-item-5237' data-av-masonry-item='5237' class='av-masonry-entry isotope-item post-5237 attachment type-attachment status-inherit hentry  av-masonry-item-with-image' title=\"\" alt=\"\u010cekaonica u ordinaciji\"    itemprop=\"thumbnailUrl\" ><div class='av-inner-masonry-sizer'><\/div><figure class='av-inner-masonry main_color'><div class=\"av-masonry-outerimage-container\"><div class='av-masonry-image-container' style=\"background-image: url(https:\/\/ortodoncija-reljanovicprotega.hr\/wp-content\/uploads\/2023\/09\/cekaonica-705x452.jpg);\"   alt=\"\u010cekaonica u ordinaciji\" ><\/div><\/div><\/figure><\/a><!--end av-masonry entry--><a href=\"https:\/\/ortodoncija-reljanovicprotega.hr\/wp-content\/uploads\/2023\/09\/ordinacija-8.jpg\" data-srcset=\"https:\/\/ortodoncija-reljanovicprotega.hr\/wp-content\/uploads\/2023\/09\/ordinacija-8.jpg 941w, https:\/\/ortodoncija-reljanovicprotega.hr\/wp-content\/uploads\/2023\/09\/ordinacija-8-300x200.jpg 300w, https:\/\/ortodoncija-reljanovicprotega.hr\/wp-content\/uploads\/2023\/09\/ordinacija-8-768x512.jpg 768w, https:\/\/ortodoncija-reljanovicprotega.hr\/wp-content\/uploads\/2023\/09\/ordinacija-8-705x470.jpg 705w\" data-sizes=\"(max-width: 941px) 100vw, 941px\"  aria-label=\"immagine Ordinacija\"  id='av-masonry-1-item-5241' data-av-masonry-item='5241' class='av-masonry-entry isotope-item post-5241 attachment type-attachment status-inherit hentry  av-masonry-item-with-image' title=\"\" alt=\"Ordinacija\"    itemprop=\"thumbnailUrl\" ><div class='av-inner-masonry-sizer'><\/div><figure class='av-inner-masonry main_color'><div class=\"av-masonry-outerimage-container\"><div class='av-masonry-image-container' style=\"background-image: url(https:\/\/ortodoncija-reljanovicprotega.hr\/wp-content\/uploads\/2023\/09\/ordinacija-8-705x470.jpg);\"   alt=\"Ordinacija\" ><\/div><\/div><\/figure><\/a><!--end av-masonry entry--><a href=\"https:\/\/ortodoncija-reljanovicprotega.hr\/wp-content\/uploads\/2023\/09\/ordinacija-interijer.jpg\" data-srcset=\"https:\/\/ortodoncija-reljanovicprotega.hr\/wp-content\/uploads\/2023\/09\/ordinacija-interijer.jpg 900w, https:\/\/ortodoncija-reljanovicprotega.hr\/wp-content\/uploads\/2023\/09\/ordinacija-interijer-300x200.jpg 300w, https:\/\/ortodoncija-reljanovicprotega.hr\/wp-content\/uploads\/2023\/09\/ordinacija-interijer-768x512.jpg 768w, https:\/\/ortodoncija-reljanovicprotega.hr\/wp-content\/uploads\/2023\/09\/ordinacija-interijer-705x470.jpg 705w\" data-sizes=\"(max-width: 900px) 100vw, 900px\"  aria-label=\"immagine Moderno ure\u0111ena \u010dekaonica i ordinacija ortodonta s naprednom stomatolo\u0161kom opremom\"  id='av-masonry-1-item-5245' data-av-masonry-item='5245' class='av-masonry-entry isotope-item post-5245 attachment type-attachment status-inherit hentry  av-masonry-item-with-image' title=\"\" alt=\"Moderno ure\u0111ena \u010dekaonica i ordinacija ortodonta s naprednom stomatolo\u0161kom opremom\"    itemprop=\"thumbnailUrl\" ><div class='av-inner-masonry-sizer'><\/div><figure class='av-inner-masonry main_color'><div class=\"av-masonry-outerimage-container\"><div class='av-masonry-image-container' style=\"background-image: url(https:\/\/ortodoncija-reljanovicprotega.hr\/wp-content\/uploads\/2023\/09\/ordinacija-interijer-705x470.jpg);\"   alt=\"Moderno ure\u0111ena \u010dekaonica i ordinacija ortodonta s naprednom stomatolo\u0161kom opremom\" ><\/div><\/div><\/figure><\/a><!--end av-masonry entry--><a href=\"https:\/\/ortodoncija-reljanovicprotega.hr\/wp-content\/uploads\/2023\/09\/ordinacija-7.jpg\" data-srcset=\"https:\/\/ortodoncija-reljanovicprotega.hr\/wp-content\/uploads\/2023\/09\/ordinacija-7.jpg 1014w, https:\/\/ortodoncija-reljanovicprotega.hr\/wp-content\/uploads\/2023\/09\/ordinacija-7-300x200.jpg 300w, https:\/\/ortodoncija-reljanovicprotega.hr\/wp-content\/uploads\/2023\/09\/ordinacija-7-768x512.jpg 768w, https:\/\/ortodoncija-reljanovicprotega.hr\/wp-content\/uploads\/2023\/09\/ordinacija-7-705x470.jpg 705w\" data-sizes=\"(max-width: 1014px) 100vw, 1014px\"  aria-label=\"immagine Ordinacija u Zagrebu\"  id='av-masonry-1-item-5240' data-av-masonry-item='5240' class='av-masonry-entry isotope-item post-5240 attachment type-attachment status-inherit hentry  av-masonry-item-with-image' title=\"\" alt=\"Ordinacija u Zagrebu\"    itemprop=\"thumbnailUrl\" ><div class='av-inner-masonry-sizer'><\/div><figure class='av-inner-masonry main_color'><div class=\"av-masonry-outerimage-container\"><div class='av-masonry-image-container' style=\"background-image: url(https:\/\/ortodoncija-reljanovicprotega.hr\/wp-content\/uploads\/2023\/09\/ordinacija-7-705x470.jpg);\"   alt=\"Ordinacija u Zagrebu\" ><\/div><\/div><\/figure><\/a><!--end av-masonry entry--><a href=\"https:\/\/ortodoncija-reljanovicprotega.hr\/wp-content\/uploads\/2023\/09\/ordinacija-6.jpg\" data-srcset=\"https:\/\/ortodoncija-reljanovicprotega.hr\/wp-content\/uploads\/2023\/09\/ordinacija-6.jpg 981w, https:\/\/ortodoncija-reljanovicprotega.hr\/wp-content\/uploads\/2023\/09\/ordinacija-6-300x200.jpg 300w, https:\/\/ortodoncija-reljanovicprotega.hr\/wp-content\/uploads\/2023\/09\/ordinacija-6-768x512.jpg 768w, https:\/\/ortodoncija-reljanovicprotega.hr\/wp-content\/uploads\/2023\/09\/ordinacija-6-705x470.jpg 705w\" data-sizes=\"(max-width: 981px) 100vw, 981px\"  aria-label=\"immagine Ordinacija\"  id='av-masonry-1-item-5239' data-av-masonry-item='5239' class='av-masonry-entry isotope-item post-5239 attachment type-attachment status-inherit hentry  av-masonry-item-with-image' title=\"\" alt=\"Ordinacija\"    itemprop=\"thumbnailUrl\" ><div class='av-inner-masonry-sizer'><\/div><figure class='av-inner-masonry main_color'><div class=\"av-masonry-outerimage-container\"><div class='av-masonry-image-container' style=\"background-image: url(https:\/\/ortodoncija-reljanovicprotega.hr\/wp-content\/uploads\/2023\/09\/ordinacija-6-705x470.jpg);\"   alt=\"Ordinacija\" ><\/div><\/div><\/figure><\/a><!--end av-masonry entry--><a href=\"https:\/\/ortodoncija-reljanovicprotega.hr\/wp-content\/uploads\/2023\/09\/ordinacija-5.jpg\" data-srcset=\"https:\/\/ortodoncija-reljanovicprotega.hr\/wp-content\/uploads\/2023\/09\/ordinacija-5.jpg 977w, https:\/\/ortodoncija-reljanovicprotega.hr\/wp-content\/uploads\/2023\/09\/ordinacija-5-300x200.jpg 300w, https:\/\/ortodoncija-reljanovicprotega.hr\/wp-content\/uploads\/2023\/09\/ordinacija-5-768x512.jpg 768w, https:\/\/ortodoncija-reljanovicprotega.hr\/wp-content\/uploads\/2023\/09\/ordinacija-5-705x470.jpg 705w\" data-sizes=\"(max-width: 977px) 100vw, 977px\"  aria-label=\"immagine Ortodontska ordinacija\"  id='av-masonry-1-item-5238' data-av-masonry-item='5238' class='av-masonry-entry isotope-item post-5238 attachment type-attachment status-inherit hentry  av-masonry-item-with-image' title=\"\" alt=\"Ortodontska ordinacija\"    itemprop=\"thumbnailUrl\" ><div class='av-inner-masonry-sizer'><\/div><figure class='av-inner-masonry main_color'><div class=\"av-masonry-outerimage-container\"><div class='av-masonry-image-container' style=\"background-image: url(https:\/\/ortodoncija-reljanovicprotega.hr\/wp-content\/uploads\/2023\/09\/ordinacija-5-705x470.jpg);\"   alt=\"Ortodontska ordinacija\" ><\/div><\/div><\/figure><\/a><!--end av-masonry entry--><a href=\"https:\/\/ortodoncija-reljanovicprotega.hr\/wp-content\/uploads\/2023\/09\/cekaonica-pacijentica.jpg\" data-srcset=\"https:\/\/ortodoncija-reljanovicprotega.hr\/wp-content\/uploads\/2023\/09\/cekaonica-pacijentica.jpg 900w, https:\/\/ortodoncija-reljanovicprotega.hr\/wp-content\/uploads\/2023\/09\/cekaonica-pacijentica-300x200.jpg 300w, https:\/\/ortodoncija-reljanovicprotega.hr\/wp-content\/uploads\/2023\/09\/cekaonica-pacijentica-768x512.jpg 768w, https:\/\/ortodoncija-reljanovicprotega.hr\/wp-content\/uploads\/2023\/09\/cekaonica-pacijentica-705x470.jpg 705w\" data-sizes=\"(max-width: 900px) 100vw, 900px\"  aria-label=\"immagine Pacijentica u\u017eiva u \u010dasopisu\"  id='av-masonry-1-item-3934' data-av-masonry-item='3934' class='av-masonry-entry isotope-item post-3934 attachment type-attachment status-inherit hentry  av-masonry-item-with-image' title=\"\" alt=\"Pacijentica u\u017eiva u \u010dasopisu\"    itemprop=\"thumbnailUrl\" ><div class='av-inner-masonry-sizer'><\/div><figure class='av-inner-masonry main_color'><div class=\"av-masonry-outerimage-container\"><div class='av-masonry-image-container' style=\"background-image: url(https:\/\/ortodoncija-reljanovicprotega.hr\/wp-content\/uploads\/2023\/09\/cekaonica-pacijentica-705x470.jpg);\"   alt=\"Pacijentica u\u017eiva u \u010dasopisu\" ><\/div><\/div><\/figure><\/a><!--end av-masonry entry--><a href=\"https:\/\/ortodoncija-reljanovicprotega.hr\/wp-content\/uploads\/2023\/09\/zgrada-2.jpg\" data-srcset=\"https:\/\/ortodoncija-reljanovicprotega.hr\/wp-content\/uploads\/2023\/09\/zgrada-2.jpg 1014w, https:\/\/ortodoncija-reljanovicprotega.hr\/wp-content\/uploads\/2023\/09\/zgrada-2-300x200.jpg 300w, https:\/\/ortodoncija-reljanovicprotega.hr\/wp-content\/uploads\/2023\/09\/zgrada-2-768x512.jpg 768w, https:\/\/ortodoncija-reljanovicprotega.hr\/wp-content\/uploads\/2023\/09\/zgrada-2-705x470.jpg 705w\" data-sizes=\"(max-width: 1014px) 100vw, 1014px\"  aria-label=\"immagine Zgrada ordinacije\"  id='av-masonry-1-item-5247' data-av-masonry-item='5247' class='av-masonry-entry isotope-item post-5247 attachment type-attachment status-inherit hentry  av-masonry-item-with-image' title=\"\" alt=\"Zgrada ordinacije\"    itemprop=\"thumbnailUrl\" ><div class='av-inner-masonry-sizer'><\/div><figure class='av-inner-masonry main_color'><div class=\"av-masonry-outerimage-container\"><div class='av-masonry-image-container' style=\"background-image: url(https:\/\/ortodoncija-reljanovicprotega.hr\/wp-content\/uploads\/2023\/09\/zgrada-2-705x470.jpg);\"   alt=\"Zgrada ordinacije\" ><\/div><\/div><\/figure><\/a><!--end av-masonry entry--><\/div><\/div>\n<\/div><\/div>\n<\/div>\n","protected":false},"excerpt":{"rendered":"","protected":false},"author":1,"featured_media":0,"parent":0,"menu_order":0,"comment_status":"closed","ping_status":"closed","template":"","meta":{"footnotes":""},"class_list":["post-3928","page","type-page","status-publish","hentry"],"_links":{"self":[{"href":"https:\/\/ortodoncija-reljanovicprotega.hr\/it\/wp-json\/wp\/v2\/pages\/3928","targetHints":{"allow":["GET"]}}],"collection":[{"href":"https:\/\/ortodoncija-reljanovicprotega.hr\/it\/wp-json\/wp\/v2\/pages"}],"about":[{"href":"https:\/\/ortodoncija-reljanovicprotega.hr\/it\/wp-json\/wp\/v2\/types\/page"}],"author":[{"embeddable":true,"href":"https:\/\/ortodoncija-reljanovicprotega.hr\/it\/wp-json\/wp\/v2\/users\/1"}],"replies":[{"embeddable":true,"href":"https:\/\/ortodoncija-reljanovicprotega.hr\/it\/wp-json\/wp\/v2\/comments?post=3928"}],"version-history":[{"count":20,"href":"https:\/\/ortodoncija-reljanovicprotega.hr\/it\/wp-json\/wp\/v2\/pages\/3928\/revisions"}],"predecessor-version":[{"id":6198,"href":"https:\/\/ortodoncija-reljanovicprotega.hr\/it\/wp-json\/wp\/v2\/pages\/3928\/revisions\/6198"}],"wp:attachment":[{"href":"https:\/\/ortodoncija-reljanovicprotega.hr\/it\/wp-json\/wp\/v2\/media?parent=3928"}],"curies":[{"name":"wp","href":"https:\/\/api.w.org\/{rel}","templated":true}]}}